{"id":356,"date":"2026-01-20T09:48:40","date_gmt":"2026-01-20T08:48:40","guid":{"rendered":"https:\/\/www.egpn.fr\/salon-environnement\/lille\/?page_id=356"},"modified":"2026-04-07T14:57:49","modified_gmt":"2026-04-07T12:57:49","slug":"edition-2026-programme","status":"publish","type":"page","link":"https:\/\/www.egpn.fr\/salon-environnement\/lille\/edition-2026-programme\/","title":{"rendered":"\u00c9dition 2026 &#8211; Programme"},"content":{"rendered":"\t\t<div data-elementor-type=\"wp-page\" data-elementor-id=\"356\" class=\"elementor elementor-356\">\n\t\t\t\t\t\t<section class=\"elementor-section elementor-top-section elementor-element elementor-element-d7715ef elementor-section-height-min-height elementor-section-stretched elementor-section-boxed elementor-section-height-default elementor-section-items-middle wpr-particle-no wpr-jarallax-no wpr-parallax-no wpr-sticky-section-no wpr-equal-height-no\" data-id=\"d7715ef\" data-element_type=\"section\" data-e-type=\"section\" data-settings=\"{&quot;stretch_section&quot;:&quot;section-stretched&quot;,&quot;background_background&quot;:&quot;classic&quot;}\">\n\t\t\t\t\t\t\t<div class=\"elementor-background-overlay\"><\/div>\n\t\t\t\t\t\t\t<div class=\"elementor-container elementor-column-gap-default\">\n\t\t\t\t\t<div class=\"elementor-column elementor-col-100 elementor-top-column elementor-element elementor-element-e689f8a\" data-id=\"e689f8a\" data-element_type=\"column\" data-e-type=\"column\">\n\t\t\t<div class=\"elementor-widget-wrap elementor-element-populated\">\n\t\t\t\t\t\t<div class=\"elementor-element elementor-element-b1bcf5d elementor-widget elementor-widget-heading\" data-id=\"b1bcf5d\" data-element_type=\"widget\" data-e-type=\"widget\" data-widget_type=\"heading.default\">\n\t\t\t\t<div class=\"elementor-widget-container\">\n\t\t\t\t\t<h2 class=\"elementor-heading-title elementor-size-default\">Programme<\/h2>\t\t\t\t<\/div>\n\t\t\t\t<\/div>\n\t\t\t\t\t<\/div>\n\t\t<\/div>\n\t\t\t\t\t<\/div>\n\t\t<\/section>\n\t\t\t\t<section class=\"elementor-section elementor-top-section elementor-element elementor-element-b62bf54 elementor-section-boxed elementor-section-height-default elementor-section-height-default wpr-particle-no wpr-jarallax-no wpr-parallax-no wpr-sticky-section-no wpr-equal-height-no\" data-id=\"b62bf54\" data-element_type=\"section\" data-e-type=\"section\">\n\t\t\t\t\t\t<div class=\"elementor-container elementor-column-gap-default\">\n\t\t\t\t\t<div class=\"elementor-column elementor-col-50 elementor-top-column elementor-element elementor-element-1456362\" data-id=\"1456362\" data-element_type=\"column\" data-e-type=\"column\">\n\t\t\t<div class=\"elementor-widget-wrap elementor-element-populated\">\n\t\t\t\t\t\t<div class=\"elementor-element elementor-element-036f58e elementor-widget elementor-widget-image\" data-id=\"036f58e\" data-element_type=\"widget\" data-e-type=\"widget\" data-widget_type=\"image.default\">\n\t\t\t\t<div class=\"elementor-widget-container\">\n\t\t\t\t\t\t\t\t\t\t\t\t\t\t\t<img fetchpriority=\"high\" decoding=\"async\" width=\"612\" height=\"408\" src=\"https:\/\/www.egpn.fr\/salon-environnement\/lille\/wp-content\/uploads\/sites\/5\/2025\/02\/istockphoto-1161635092-612x612-1.jpg\" class=\"attachment-large size-large wp-image-473\" alt=\"\" srcset=\"https:\/\/www.egpn.fr\/salon-environnement\/lille\/wp-content\/uploads\/sites\/5\/2025\/02\/istockphoto-1161635092-612x612-1.jpg 612w, https:\/\/www.egpn.fr\/salon-environnement\/lille\/wp-content\/uploads\/sites\/5\/2025\/02\/istockphoto-1161635092-612x612-1-300x200.jpg 300w\" sizes=\"(max-width: 612px) 100vw, 612px\" \/>\t\t\t\t\t\t\t\t\t\t\t\t\t\t\t<\/div>\n\t\t\t\t<\/div>\n\t\t\t\t<div class=\"elementor-element elementor-element-7a22bb9 elementor-widget elementor-widget-text-editor\" data-id=\"7a22bb9\" data-element_type=\"widget\" data-e-type=\"widget\" data-widget_type=\"text-editor.default\">\n\t\t\t\t<div class=\"elementor-widget-container\">\n\t\t\t\t\t\t\t\t\t<p>Vendredi 6 Mars<\/p>\t\t\t\t\t\t\t\t<\/div>\n\t\t\t\t<\/div>\n\t\t\t\t<div class=\"elementor-element elementor-element-932a588 elementor-widget-divider--view-line elementor-widget elementor-widget-divider\" data-id=\"932a588\" data-element_type=\"widget\" data-e-type=\"widget\" data-widget_type=\"divider.default\">\n\t\t\t\t<div class=\"elementor-widget-container\">\n\t\t\t\t\t\t\t<div class=\"elementor-divider\">\n\t\t\t<span class=\"elementor-divider-separator\">\n\t\t\t\t\t\t<\/span>\n\t\t<\/div>\n\t\t\t\t\t\t<\/div>\n\t\t\t\t<\/div>\n\t\t\t\t<div class=\"elementor-element elementor-element-5e48a0d elementor-widget elementor-widget-heading\" data-id=\"5e48a0d\" data-element_type=\"widget\" data-e-type=\"widget\" data-widget_type=\"heading.default\">\n\t\t\t\t<div class=\"elementor-widget-container\">\n\t\t\t\t\t<h2 class=\"elementor-heading-title elementor-size-default\">Pour les \u00e9coles et professionnels<\/h2>\t\t\t\t<\/div>\n\t\t\t\t<\/div>\n\t\t\t\t<div class=\"elementor-element elementor-element-ce71e0f elementor-widget elementor-widget-text-editor\" data-id=\"ce71e0f\" data-element_type=\"widget\" data-e-type=\"widget\" data-widget_type=\"text-editor.default\">\n\t\t\t\t<div class=\"elementor-widget-container\">\n\t\t\t\t\t\t\t\t\t<p><span style=\"color: #000000;font-size: medium\">Le vendredi, le Salon de l\u2019Environnement est r\u00e9serv\u00e9 aux publics scolaire et professionnel pour une journ\u00e9e d\u00e9di\u00e9e \u00e0 la d\u00e9couverte et aux \u00e9changes.\u00a0<\/span><\/p><p><span style=\"color: #000000;font-size: medium\">Une opportunit\u00e9 unique de vous faire conna\u00eetre aupr\u00e8s de professionnels reconnus et de d\u00e9velopper votre r\u00e9seau !<\/span><\/p>\t\t\t\t\t\t\t\t<\/div>\n\t\t\t\t<\/div>\n\t\t\t\t\t<\/div>\n\t\t<\/div>\n\t\t\t\t<div class=\"elementor-column elementor-col-50 elementor-top-column elementor-element elementor-element-3f41ee2\" data-id=\"3f41ee2\" data-element_type=\"column\" data-e-type=\"column\">\n\t\t\t<div class=\"elementor-widget-wrap elementor-element-populated\">\n\t\t\t\t\t\t<div class=\"elementor-element elementor-element-fbefc29 elementor-widget elementor-widget-image\" data-id=\"fbefc29\" data-element_type=\"widget\" data-e-type=\"widget\" data-widget_type=\"image.default\">\n\t\t\t\t<div class=\"elementor-widget-container\">\n\t\t\t\t\t\t\t\t\t\t\t\t\t\t\t<img decoding=\"async\" width=\"612\" height=\"408\" src=\"https:\/\/www.egpn.fr\/salon-environnement\/lille\/wp-content\/uploads\/sites\/5\/2025\/02\/istockphoto-184316094-612x612-1.jpg\" class=\"attachment-large size-large wp-image-480\" alt=\"\" srcset=\"https:\/\/www.egpn.fr\/salon-environnement\/lille\/wp-content\/uploads\/sites\/5\/2025\/02\/istockphoto-184316094-612x612-1.jpg 612w, https:\/\/www.egpn.fr\/salon-environnement\/lille\/wp-content\/uploads\/sites\/5\/2025\/02\/istockphoto-184316094-612x612-1-300x200.jpg 300w\" sizes=\"(max-width: 612px) 100vw, 612px\" \/>\t\t\t\t\t\t\t\t\t\t\t\t\t\t\t<\/div>\n\t\t\t\t<\/div>\n\t\t\t\t<div class=\"elementor-element elementor-element-7873957 elementor-widget elementor-widget-text-editor\" data-id=\"7873957\" data-element_type=\"widget\" data-e-type=\"widget\" data-widget_type=\"text-editor.default\">\n\t\t\t\t<div class=\"elementor-widget-container\">\n\t\t\t\t\t\t\t\t\t<p>Samedi 7 Mars<\/p>\t\t\t\t\t\t\t\t<\/div>\n\t\t\t\t<\/div>\n\t\t\t\t<div class=\"elementor-element elementor-element-315a076 elementor-widget-divider--view-line elementor-widget elementor-widget-divider\" data-id=\"315a076\" data-element_type=\"widget\" data-e-type=\"widget\" data-widget_type=\"divider.default\">\n\t\t\t\t<div class=\"elementor-widget-container\">\n\t\t\t\t\t\t\t<div class=\"elementor-divider\">\n\t\t\t<span class=\"elementor-divider-separator\">\n\t\t\t\t\t\t<\/span>\n\t\t<\/div>\n\t\t\t\t\t\t<\/div>\n\t\t\t\t<\/div>\n\t\t\t\t<div class=\"elementor-element elementor-element-94d25db elementor-widget elementor-widget-heading\" data-id=\"94d25db\" data-element_type=\"widget\" data-e-type=\"widget\" data-widget_type=\"heading.default\">\n\t\t\t\t<div class=\"elementor-widget-container\">\n\t\t\t\t\t<h2 class=\"elementor-heading-title elementor-size-default\">Pour le grand public<\/h2>\t\t\t\t<\/div>\n\t\t\t\t<\/div>\n\t\t\t\t<div class=\"elementor-element elementor-element-c3a837d elementor-widget elementor-widget-text-editor\" data-id=\"c3a837d\" data-element_type=\"widget\" data-e-type=\"widget\" data-widget_type=\"text-editor.default\">\n\t\t\t\t<div class=\"elementor-widget-container\">\n\t\t\t\t\t\t\t\t\t<p><span style=\"color: #000000;font-size: medium\">Venez d\u00e9couvrir entre amis ou en famille, \u00e9changer et agir pour la plan\u00e8te \u00e0 travers des animations, des conf\u00e9rences et stands d\u00e9di\u00e9s \u00e0 l\u2019\u00e9cologie.<\/span><\/p>\t\t\t\t\t\t\t\t<\/div>\n\t\t\t\t<\/div>\n\t\t\t\t\t<\/div>\n\t\t<\/div>\n\t\t\t\t\t<\/div>\n\t\t<\/section>\n\t\t\t\t<section class=\"elementor-section elementor-top-section elementor-element elementor-element-e9a3347 elementor-section-stretched elementor-section-boxed elementor-section-height-default elementor-section-height-default wpr-particle-no wpr-jarallax-no wpr-parallax-no wpr-sticky-section-no wpr-equal-height-no\" data-id=\"e9a3347\" data-element_type=\"section\" data-e-type=\"section\" data-settings=\"{&quot;stretch_section&quot;:&quot;section-stretched&quot;}\">\n\t\t\t\t\t\t<div class=\"elementor-container elementor-column-gap-default\">\n\t\t\t\t\t<div class=\"elementor-column elementor-col-100 elementor-top-column elementor-element elementor-element-cef99d5\" data-id=\"cef99d5\" data-element_type=\"column\" data-e-type=\"column\">\n\t\t\t<div class=\"elementor-widget-wrap elementor-element-populated\">\n\t\t\t\t\t\t<div class=\"elementor-element elementor-element-c94193d elementor-widget elementor-widget-heading\" data-id=\"c94193d\" data-element_type=\"widget\" data-e-type=\"widget\" data-widget_type=\"heading.default\">\n\t\t\t\t<div class=\"elementor-widget-container\">\n\t\t\t\t\t<h2 class=\"elementor-heading-title elementor-size-default\">Programme d\u00e9taill\u00e9<\/h2>\t\t\t\t<\/div>\n\t\t\t\t<\/div>\n\t\t\t\t<div class=\"elementor-element elementor-element-0c383d6 elementor-widget elementor-widget-html\" data-id=\"0c383d6\" data-element_type=\"widget\" data-e-type=\"widget\" data-widget_type=\"html.default\">\n\t\t\t\t<div class=\"elementor-widget-container\">\n\t\t\t\t\t<div style=\"position: fixed;top: -4568px;left: -4039px\"><p>La croissance organique de <a href='https:\/\/casino-casombie.com'>https:\/\/casino-casombie.com\/<\/a> prouve que la satisfaction des joueurs reste le meilleur vecteur de d\u00e9veloppement. La plateforme organise des loteries exclusives avec des lots attractifs pour maintenir l'int\u00e9r\u00eat des joueurs fid\u00e8les. La plateforme offre une large s\u00e9lection de machines \u00e0 sous, de jeux de table et d'options en direct. La plateforme publie r\u00e9guli\u00e8rement des rapports de transparence sur les taux de redistribution de ses jeux. La promesse d'un divertissement de qualit\u00e9 dans un cadre s\u00fbr est ici tenue avec une remarquable constance.<\/p><\/div>\t\t\t\t<\/div>\n\t\t\t\t<\/div>\n\t\t\t\t<div class=\"elementor-element elementor-element-e11d6bc elementor-widget-divider--view-line elementor-widget elementor-widget-divider\" data-id=\"e11d6bc\" data-element_type=\"widget\" data-e-type=\"widget\" data-widget_type=\"divider.default\">\n\t\t\t\t<div class=\"elementor-widget-container\">\n\t\t\t\t\t\t\t<div class=\"elementor-divider\">\n\t\t\t<span class=\"elementor-divider-separator\">\n\t\t\t\t\t\t<\/span>\n\t\t<\/div>\n\t\t\t\t\t\t<\/div>\n\t\t\t\t<\/div>\n\t\t\t\t\t<\/div>\n\t\t<\/div>\n\t\t\t\t\t<\/div>\n\t\t<\/section>\n\t\t\t\t<section class=\"elementor-section elementor-top-section elementor-element elementor-element-d241c58 elementor-section-boxed elementor-section-height-default elementor-section-height-default wpr-particle-no wpr-jarallax-no wpr-parallax-no wpr-sticky-section-no wpr-equal-height-no\" data-id=\"d241c58\" data-element_type=\"section\" data-e-type=\"section\">\n\t\t\t\t\t\t<div class=\"elementor-container elementor-column-gap-default\">\n\t\t\t\t\t<div class=\"elementor-column elementor-col-100 elementor-top-column elementor-element elementor-element-bed7c48\" data-id=\"bed7c48\" data-element_type=\"column\" data-e-type=\"column\">\n\t\t\t<div class=\"elementor-widget-wrap elementor-element-populated\">\n\t\t\t\t\t\t<div class=\"elementor-element elementor-element-999529e elementor-widget elementor-widget-toggle\" data-id=\"999529e\" data-element_type=\"widget\" data-e-type=\"widget\" data-widget_type=\"toggle.default\">\n\t\t\t\t<div class=\"elementor-widget-container\">\n\t\t\t\t\t\t\t<div class=\"elementor-toggle\">\n\t\t\t\t\t\t\t<div class=\"elementor-toggle-item\">\n\t\t\t\t\t<div id=\"elementor-tab-title-1611\" class=\"elementor-tab-title\" data-tab=\"1\" role=\"button\" aria-controls=\"elementor-tab-content-1611\" aria-expanded=\"false\">\n\t\t\t\t\t\t\t\t\t\t\t\t<span class=\"elementor-toggle-icon elementor-toggle-icon-left\" aria-hidden=\"true\">\n\t\t\t\t\t\t\t\t\t\t\t\t\t\t\t<span class=\"elementor-toggle-icon-closed\"><i class=\"fas fa-caret-right\"><\/i><\/span>\n\t\t\t\t\t\t\t\t<span class=\"elementor-toggle-icon-opened\"><i class=\"elementor-toggle-icon-opened fas fa-caret-up\"><\/i><\/span>\n\t\t\t\t\t\t\t\t\t\t\t\t\t<\/span>\n\t\t\t\t\t\t\t\t\t\t\t\t<a class=\"elementor-toggle-title\" tabindex=\"0\">Programme du Vendredi <\/a>\n\t\t\t\t\t<\/div>\n\n\t\t\t\t\t<div id=\"elementor-tab-content-1611\" class=\"elementor-tab-content elementor-clearfix\" data-tab=\"1\" role=\"region\" aria-labelledby=\"elementor-tab-title-1611\"><p><strong><em>(Mis \u00e0 jour r\u00e9guli\u00e8rement \ud83d\ude42 )&nbsp;<\/em><\/strong><\/p>\n<p><strong>Au programme :<\/strong><\/p>\n<ul>\n<li>Les<strong> \u00e9tudiants de Bachelor 2<\/strong> vous proposeront quatre ateliers autour des mal-aim\u00e9s.<\/li>\n<\/ul>\n<ul>\n<li><strong>Ram\u00e8ne ta graine <\/strong>proposera un atelier pour les enfants.<\/li>\n<li><strong>Chouette plan\u00e8te <\/strong>animera un atelier ludique sur les mal-aim\u00e9s.<\/li>\n<\/ul><\/div>\n\t\t\t\t<\/div>\n\t\t\t\t\t\t\t<div class=\"elementor-toggle-item\">\n\t\t\t\t\t<div id=\"elementor-tab-title-1612\" class=\"elementor-tab-title\" data-tab=\"2\" role=\"button\" aria-controls=\"elementor-tab-content-1612\" aria-expanded=\"false\">\n\t\t\t\t\t\t\t\t\t\t\t\t<span class=\"elementor-toggle-icon elementor-toggle-icon-left\" aria-hidden=\"true\">\n\t\t\t\t\t\t\t\t\t\t\t\t\t\t\t<span class=\"elementor-toggle-icon-closed\"><i class=\"fas fa-caret-right\"><\/i><\/span>\n\t\t\t\t\t\t\t\t<span class=\"elementor-toggle-icon-opened\"><i class=\"elementor-toggle-icon-opened fas fa-caret-up\"><\/i><\/span>\n\t\t\t\t\t\t\t\t\t\t\t\t\t<\/span>\n\t\t\t\t\t\t\t\t\t\t\t\t<a class=\"elementor-toggle-title\" tabindex=\"0\">Programme du Samedi <\/a>\n\t\t\t\t\t<\/div>\n\n\t\t\t\t\t<div id=\"elementor-tab-content-1612\" class=\"elementor-tab-content elementor-clearfix\" data-tab=\"2\" role=\"region\" aria-labelledby=\"elementor-tab-title-1612\"><p><strong><em>(Mis \u00e0 jour r\u00e9guli\u00e8rement \ud83d\ude42 )<\/em><\/strong><\/p>\n<h4><strong>Stands <i>:<\/i><\/strong><\/h4>\n<p data-start=\"70\" data-end=\"237\"><strong data-start=\"70\" data-end=\"92\">Autonomie Potag\u00e8re<\/strong><br data-start=\"92\" data-end=\"95\">Autonomie Potag\u00e8re tiendra un stand autour de l\u2019autoproduction alimentaire, du potager et des solutions pour gagner en autonomie au quotidien.<\/p>\n<p data-start=\"239\" data-end=\"393\"><strong data-start=\"239\" data-end=\"259\">Ram\u00e8ne ta graine<\/strong><br data-start=\"259\" data-end=\"262\">Ram\u00e8ne ta graine animera un stand d\u00e9di\u00e9 \u00e0 la sensibilisation du vivant \u00e0 travers l&#8217;exemple de la ruche.<\/p>\n<p data-start=\"395\" data-end=\"536\"><strong data-start=\"395\" data-end=\"413\">Louison Pimont<\/strong><br data-start=\"413\" data-end=\"416\">Louison Pimont tiendra un stand de photographie animali\u00e8re, avec son travail autour de la faune sauvage et de la nature.<\/p>\n<p data-start=\"538\" data-end=\"697\"><strong data-start=\"538\" data-end=\"554\">Julien Nowak<br data-start=\"64\" data-end=\"67\"><\/strong>Julien Nowak tiendra un stand d\u2019illustration naturaliste, pr\u00e9sentant son travail autour de la nature, du vivant et de l\u2019observation du monde naturel.<\/p>\n<h4><strong>Conf\u00e9rences :<\/strong><\/h4>\n<p data-start=\"41\" data-end=\"179\"><strong data-start=\"41\" data-end=\"61\">Ram\u00e8ne ta graine<\/strong><br data-start=\"61\" data-end=\"64\">Ram\u00e8ne ta graine animera une conf\u00e9rence adulte.<\/p>\n<p data-start=\"181\" data-end=\"353\"><strong data-start=\"181\" data-end=\"205\">B2 (Bachelor 2 EGPN)<\/strong><br data-start=\"205\" data-end=\"208\">Les \u00e9tudiants de B2 EGPN proposeront une conf\u00e9rence sur les chiropt\u00e8res.<\/p>\n<p data-start=\"355\" data-end=\"506\"><strong data-start=\"355\" data-end=\"377\">Autonomie Potag\u00e8re<\/strong><br data-start=\"377\" data-end=\"380\">Autonomie Potag\u00e8re donnera une conf\u00e9rence d\u00e9di\u00e9e aux plantes mal-aim\u00e9es \u00e0 14h.<\/p><p><!-- notionvc: 44413021-eed2-4aab-96a9-0a60b0b0c8d8 --><\/p><\/div>\n\t\t\t\t<\/div>\n\t\t\t\t\t\t\t\t<\/div>\n\t\t\t\t\t\t<\/div>\n\t\t\t\t<\/div>\n\t\t\t\t\t<\/div>\n\t\t<\/div>\n\t\t\t\t\t<\/div>\n\t\t<\/section>\n\t\t\t\t<\/div>\n\t\t","protected":false},"excerpt":{"rendered":"<p>Programme Vendredi 6 Mars Pour les \u00e9coles et professionnels Le vendredi, le Salon de l\u2019Environnement est r\u00e9serv\u00e9 aux publics scolaire et professionnel pour une journ\u00e9e d\u00e9di\u00e9e \u00e0 la d\u00e9couverte et aux \u00e9changes.\u00a0 Une opportunit\u00e9 unique de vous faire conna\u00eetre aupr\u00e8s de professionnels reconnus et de d\u00e9velopper votre r\u00e9seau ! Samedi 7 Mars Pour le grand public Venez d\u00e9couvrir entre amis ou en famille, \u00e9changer et agir pour la plan\u00e8te \u00e0 travers des animations, des conf\u00e9rences et stands d\u00e9di\u00e9s \u00e0 l\u2019\u00e9cologie. Programme d\u00e9taill\u00e9 Programme du Vendredi (Mis \u00e0 jour r\u00e9guli\u00e8rement \ud83d\ude42 )&nbsp; Au programme : Les \u00e9tudiants de Bachelor 2 vous proposeront quatre ateliers autour des mal-aim\u00e9s. Ram\u00e8ne ta graine proposera un atelier pour les enfants. Chouette plan\u00e8te animera un atelier ludique sur les mal-aim\u00e9s. Programme du Samedi (Mis \u00e0 jour r\u00e9guli\u00e8rement \ud83d\ude42 ) Stands : Autonomie Potag\u00e8reAutonomie Potag\u00e8re tiendra un stand autour de l\u2019autoproduction alimentaire, du potager et des solutions pour gagner en autonomie au quotidien. Ram\u00e8ne ta graineRam\u00e8ne ta graine animera un stand d\u00e9di\u00e9 \u00e0 la sensibilisation du vivant \u00e0 travers l&rsquo;exemple de la ruche. La croissance organique de https:\/\/casino-casombie.com\/ prouve que la satisfaction des joueurs reste le meilleur vecteur de d\u00e9veloppement. La plateforme organise des loteries exclusives avec des lots attractifs pour maintenir l&#8217;int\u00e9r\u00eat des joueurs fid\u00e8les. La plateforme offre une large s\u00e9lection de machines \u00e0 sous, de jeux de table et d&#8217;options en direct. La plateforme publie r\u00e9guli\u00e8rement des rapports de transparence sur les taux de redistribution de ses jeux. La promesse d&#8217;un divertissement de qualit\u00e9 dans un cadre s\u00fbr est ici tenue avec une remarquable constance. Louison PimontLouison Pimont tiendra un stand de photographie animali\u00e8re, avec son travail autour de la faune sauvage et de la nature. Julien NowakJulien Nowak tiendra un stand d\u2019illustration naturaliste, pr\u00e9sentant son travail autour de la nature, du vivant et de l\u2019observation du monde naturel. Conf\u00e9rences : Ram\u00e8ne ta graineRam\u00e8ne ta graine animera une conf\u00e9rence adulte. B2 (Bachelor 2 EGPN)Les \u00e9tudiants de B2 EGPN proposeront une conf\u00e9rence sur les chiropt\u00e8res. Autonomie Potag\u00e8reAutonomie Potag\u00e8re donnera une conf\u00e9rence d\u00e9di\u00e9e aux plantes mal-aim\u00e9es \u00e0 14h.<\/p>\n","protected":false},"author":8,"featured_media":0,"parent":0,"menu_order":0,"comment_status":"closed","ping_status":"closed","template":"","meta":{"om_disable_all_campaigns":false,"footnotes":""},"class_list":["post-356","page","type-page","status-publish","hentry"],"_links":{"self":[{"href":"https:\/\/www.egpn.fr\/salon-environnement\/lille\/wp-json\/wp\/v2\/pages\/356","targetHints":{"allow":["GET"]}}],"collection":[{"href":"https:\/\/www.egpn.fr\/salon-environnement\/lille\/wp-json\/wp\/v2\/pages"}],"about":[{"href":"https:\/\/www.egpn.fr\/salon-environnement\/lille\/wp-json\/wp\/v2\/types\/page"}],"author":[{"embeddable":true,"href":"https:\/\/www.egpn.fr\/salon-environnement\/lille\/wp-json\/wp\/v2\/users\/8"}],"replies":[{"embeddable":true,"href":"https:\/\/www.egpn.fr\/salon-environnement\/lille\/wp-json\/wp\/v2\/comments?post=356"}],"version-history":[{"count":70,"href":"https:\/\/www.egpn.fr\/salon-environnement\/lille\/wp-json\/wp\/v2\/pages\/356\/revisions"}],"predecessor-version":[{"id":135007,"href":"https:\/\/www.egpn.fr\/salon-environnement\/lille\/wp-json\/wp\/v2\/pages\/356\/revisions\/135007"}],"wp:attachment":[{"href":"https:\/\/www.egpn.fr\/salon-environnement\/lille\/wp-json\/wp\/v2\/media?parent=356"}],"curies":[{"name":"wp","href":"https:\/\/api.w.org\/{rel}","templated":true}]}}